{"id":5909,"date":"2025-11-30T23:04:06","date_gmt":"2025-11-30T22:04:06","guid":{"rendered":"https:\/\/www.share-project.hr\/dogadaj\/symposium-together-for-healthy-and-active-ageing\/"},"modified":"2025-12-06T19:00:37","modified_gmt":"2025-12-06T18:00:37","slug":"symposium-together-for-healthy-and-active-ageing","status":"publish","type":"tribe_events","link":"https:\/\/www.share-project.hr\/en\/dogadaj\/symposium-together-for-healthy-and-active-ageing\/","title":{"rendered":"Symposium \u201cTogether for Healthy and Active Ageing\u201d"},"content":{"rendered":"<div class=\"fusion-fullwidth fullwidth-box fusion-builder-row-1 nonhundred-percent-fullwidth non-hundred-percent-height-scrolling\" style=\"--awb-border-radius-top-left:0px;--awb-border-radius-top-right:0px;--awb-border-radius-bottom-right:0px;--awb-border-radius-bottom-left:0px;--awb-flex-wrap:wrap;\" ><div class=\"fusion-builder-row fusion-row\"><div class=\"fusion-layout-column fusion_builder_column fusion-builder-column-0 fusion_builder_column_1_1 1_1 fusion-one-full fusion-column-first fusion-column-last\" style=\"--awb-bg-size:cover;--awb-margin-top:0px;--awb-margin-bottom:0px;\"><div class=\"fusion-column-wrapper fusion-column-has-shadow fusion-flex-column-wrapper-legacy\"><div class=\"fusion-text fusion-text-1\"><p>Assoc. Prof. \u0160ime Smoli\u0107, PhD, Country Team Leader of the SHARE study in Croatia, and Prof. Ivan \u010cipin, PhD, SHARE study Associate, participated on <strong>28 November 2025<\/strong> in the symposium \u201cTogether for Healthy and Active Ageing.\u201d The symposium is organized within the EATRIS-CONNECT project, led by Prof. Fran Borove\u010dki, PhD, from the University of Zagreb School of Medicine. One of the aims of this project is to promote collaboration among different research infrastructures, which is why the symposium is being organized in cooperation with the SHARE-ERIC infrastructure, focused on studying the effects of health, social, economic, and environmental policies on the life course of citizens in Europe and beyond.<\/p>\n<p data-start=\"34\" data-end=\"433\">Other institutions from various fields will also be involved in the symposium, with the aim of ensuring a broad interdisciplinary perspective. Active ageing and health in older age are key challenges of contemporary society. The event provides an opportunity for networking, collaboration, and the exchange of experiences among experts from various public, academic, and scientific institutions.<\/p>\n<p data-start=\"435\" data-end=\"488\" data-is-last-node=\"\" data-is-only-node=\"\">The symposium programme can be found at the <a href=\"https:\/\/www.share-project.hr\/wp-content\/uploads\/2025\/11\/Program-simpozija.pdf\">link<\/a>.<\/p>\n<\/div><div class=\"fusion-sep-clear\"><\/div><div class=\"fusion-separator fusion-full-width-sep\" style=\"margin-left: auto;margin-right: auto;margin-top:25px;width:100%;\"><\/div><div class=\"fusion-sep-clear\"><\/div><div class=\"awb-gallery-wrapper awb-gallery-wrapper-1 button-span-no\" style=\"--more-btn-alignment:center;\"><div style=\"margin:-5px;--awb-bordersize:0px;\" class=\"fusion-gallery fusion-gallery-container fusion-grid-4 fusion-columns-total-7 fusion-gallery-layout-grid fusion-gallery-1\"><div style=\"padding:5px;\" class=\"fusion-grid-column fusion-gallery-column fusion-gallery-column-4 hover-type-none\"><div class=\"fusion-gallery-image\"><a href=\"https:\/\/www.share-project.hr\/wp-content\/uploads\/2025\/11\/Slika_1-scaled.jpg\" rel=\"noreferrer\" data-rel=\"iLightbox[gallery_image_1]\" class=\"fusion-lightbox\" target=\"_self\"><img decoding=\"async\" src=\"https:\/\/www.share-project.hr\/wp-content\/uploads\/2025\/11\/Slika_1-scaled.jpg\" width=\"1928\" height=\"2560\" alt=\"\" title=\"Slika_1\" aria-label=\"Slika_1\" class=\"img-responsive wp-image-5883\" srcset=\"https:\/\/www.share-project.hr\/wp-content\/uploads\/2025\/11\/Slika_1-200x266.jpg 200w, https:\/\/www.share-project.hr\/wp-content\/uploads\/2025\/11\/Slika_1-400x531.jpg 400w, https:\/\/www.share-project.hr\/wp-content\/uploads\/2025\/11\/Slika_1-600x797.jpg 600w, https:\/\/www.share-project.hr\/wp-content\/uploads\/2025\/11\/Slika_1-800x1062.jpg 800w, https:\/\/www.share-project.hr\/wp-content\/uploads\/2025\/11\/Slika_1-1200x1593.jpg 1200w, https:\/\/www.share-project.hr\/wp-content\/uploads\/2025\/11\/Slika_1-scaled.jpg 1928w\" sizes=\"(min-width: 2200px) 100vw, (min-width: 916px) 316px, (min-width: 824px) 422px, (min-width: 732px) 633px, (min-width: 640px) 732px, \" \/><\/a><\/div><\/div><div style=\"padding:5px;\" class=\"fusion-grid-column fusion-gallery-column fusion-gallery-column-4 hover-type-none\"><div class=\"fusion-gallery-image\"><a href=\"https:\/\/www.share-project.hr\/wp-content\/uploads\/2025\/11\/Slika_2-scaled.jpg\" rel=\"noreferrer\" data-rel=\"iLightbox[gallery_image_1]\" class=\"fusion-lightbox\" target=\"_self\"><img decoding=\"async\" src=\"https:\/\/www.share-project.hr\/wp-content\/uploads\/2025\/11\/Slika_2-scaled.jpg\" width=\"1920\" height=\"2560\" alt=\"\" title=\"Slika_2\" aria-label=\"Slika_2\" class=\"img-responsive wp-image-5885\" srcset=\"https:\/\/www.share-project.hr\/wp-content\/uploads\/2025\/11\/Slika_2-200x267.jpg 200w, https:\/\/www.share-project.hr\/wp-content\/uploads\/2025\/11\/Slika_2-400x533.jpg 400w, https:\/\/www.share-project.hr\/wp-content\/uploads\/2025\/11\/Slika_2-600x800.jpg 600w, https:\/\/www.share-project.hr\/wp-content\/uploads\/2025\/11\/Slika_2-800x1067.jpg 800w, https:\/\/www.share-project.hr\/wp-content\/uploads\/2025\/11\/Slika_2-1200x1600.jpg 1200w, https:\/\/www.share-project.hr\/wp-content\/uploads\/2025\/11\/Slika_2-scaled.jpg 1920w\" sizes=\"(min-width: 2200px) 100vw, (min-width: 916px) 316px, (min-width: 824px) 422px, (min-width: 732px) 633px, (min-width: 640px) 732px, \" \/><\/a><\/div><\/div><div style=\"padding:5px;\" class=\"fusion-grid-column fusion-gallery-column fusion-gallery-column-4 hover-type-none\"><div class=\"fusion-gallery-image\"><a href=\"https:\/\/www.share-project.hr\/wp-content\/uploads\/2025\/11\/Slika_3-scaled.jpg\" rel=\"noreferrer\" data-rel=\"iLightbox[gallery_image_1]\" class=\"fusion-lightbox\" target=\"_self\"><img decoding=\"async\" src=\"https:\/\/www.share-project.hr\/wp-content\/uploads\/2025\/11\/Slika_3-scaled.jpg\" width=\"1920\" height=\"2560\" alt=\"\" title=\"Slika_3\" aria-label=\"Slika_3\" class=\"img-responsive wp-image-5887\" srcset=\"https:\/\/www.share-project.hr\/wp-content\/uploads\/2025\/11\/Slika_3-200x267.jpg 200w, https:\/\/www.share-project.hr\/wp-content\/uploads\/2025\/11\/Slika_3-400x533.jpg 400w, https:\/\/www.share-project.hr\/wp-content\/uploads\/2025\/11\/Slika_3-600x800.jpg 600w, https:\/\/www.share-project.hr\/wp-content\/uploads\/2025\/11\/Slika_3-800x1067.jpg 800w, https:\/\/www.share-project.hr\/wp-content\/uploads\/2025\/11\/Slika_3-1200x1600.jpg 1200w, https:\/\/www.share-project.hr\/wp-content\/uploads\/2025\/11\/Slika_3-scaled.jpg 1920w\" sizes=\"(min-width: 2200px) 100vw, (min-width: 916px) 316px, (min-width: 824px) 422px, (min-width: 732px) 633px, (min-width: 640px) 732px, \" \/><\/a><\/div><\/div><div style=\"padding:5px;\" class=\"fusion-grid-column fusion-gallery-column fusion-gallery-column-4 hover-type-none\"><div class=\"fusion-gallery-image\"><a href=\"https:\/\/www.share-project.hr\/wp-content\/uploads\/2025\/11\/Slika_4-1-scaled.jpg\" rel=\"noreferrer\" data-rel=\"iLightbox[gallery_image_1]\" class=\"fusion-lightbox\" target=\"_self\"><img decoding=\"async\" src=\"https:\/\/www.share-project.hr\/wp-content\/uploads\/2025\/11\/Slika_4-1-scaled.jpg\" width=\"1920\" height=\"2560\" alt=\"\" title=\"Slika_4\" aria-label=\"Slika_4\" class=\"img-responsive wp-image-5900\" srcset=\"https:\/\/www.share-project.hr\/wp-content\/uploads\/2025\/11\/Slika_4-1-200x267.jpg 200w, https:\/\/www.share-project.hr\/wp-content\/uploads\/2025\/11\/Slika_4-1-400x533.jpg 400w, https:\/\/www.share-project.hr\/wp-content\/uploads\/2025\/11\/Slika_4-1-600x800.jpg 600w, https:\/\/www.share-project.hr\/wp-content\/uploads\/2025\/11\/Slika_4-1-800x1067.jpg 800w, https:\/\/www.share-project.hr\/wp-content\/uploads\/2025\/11\/Slika_4-1-1200x1600.jpg 1200w, https:\/\/www.share-project.hr\/wp-content\/uploads\/2025\/11\/Slika_4-1-scaled.jpg 1920w\" sizes=\"(min-width: 2200px) 100vw, (min-width: 916px) 316px, (min-width: 824px) 422px, (min-width: 732px) 633px, (min-width: 640px) 732px, \" \/><\/a><\/div><\/div><div class=\"clearfix\"><\/div><div style=\"padding:5px;\" class=\"fusion-grid-column fusion-gallery-column fusion-gallery-column-4 hover-type-none\"><div class=\"fusion-gallery-image\"><a href=\"https:\/\/www.share-project.hr\/wp-content\/uploads\/2025\/11\/11.jpg\" rel=\"noreferrer\" data-rel=\"iLightbox[gallery_image_1]\" class=\"fusion-lightbox\" target=\"_self\"><img decoding=\"async\" src=\"https:\/\/www.share-project.hr\/wp-content\/uploads\/2025\/11\/11.jpg\" width=\"2000\" height=\"1126\" alt=\"\" title=\"11\" aria-label=\"11\" class=\"img-responsive wp-image-5924\" srcset=\"https:\/\/www.share-project.hr\/wp-content\/uploads\/2025\/11\/11-200x113.jpg 200w, https:\/\/www.share-project.hr\/wp-content\/uploads\/2025\/11\/11-400x225.jpg 400w, https:\/\/www.share-project.hr\/wp-content\/uploads\/2025\/11\/11-600x338.jpg 600w, https:\/\/www.share-project.hr\/wp-content\/uploads\/2025\/11\/11-800x450.jpg 800w, https:\/\/www.share-project.hr\/wp-content\/uploads\/2025\/11\/11-1200x676.jpg 1200w, https:\/\/www.share-project.hr\/wp-content\/uploads\/2025\/11\/11.jpg 2000w\" sizes=\"(min-width: 2200px) 100vw, (min-width: 916px) 316px, (min-width: 824px) 422px, (min-width: 732px) 633px, (min-width: 640px) 732px, \" \/><\/a><\/div><\/div><div style=\"padding:5px;\" class=\"fusion-grid-column fusion-gallery-column fusion-gallery-column-4 hover-type-none\"><div class=\"fusion-gallery-image\"><a href=\"https:\/\/www.share-project.hr\/wp-content\/uploads\/2025\/11\/13.jpg\" rel=\"noreferrer\" data-rel=\"iLightbox[gallery_image_1]\" class=\"fusion-lightbox\" target=\"_self\"><img decoding=\"async\" src=\"https:\/\/www.share-project.hr\/wp-content\/uploads\/2025\/11\/13.jpg\" width=\"1126\" height=\"2000\" alt=\"\" title=\"13\" aria-label=\"13\" class=\"img-responsive wp-image-5922\" srcset=\"https:\/\/www.share-project.hr\/wp-content\/uploads\/2025\/11\/13-200x355.jpg 200w, https:\/\/www.share-project.hr\/wp-content\/uploads\/2025\/11\/13-400x710.jpg 400w, https:\/\/www.share-project.hr\/wp-content\/uploads\/2025\/11\/13-600x1066.jpg 600w, https:\/\/www.share-project.hr\/wp-content\/uploads\/2025\/11\/13-800x1421.jpg 800w, https:\/\/www.share-project.hr\/wp-content\/uploads\/2025\/11\/13.jpg 1126w\" sizes=\"(min-width: 2200px) 100vw, (min-width: 916px) 316px, (min-width: 824px) 422px, (min-width: 732px) 633px, (min-width: 640px) 732px, \" \/><\/a><\/div><\/div><div style=\"padding:5px;\" class=\"fusion-grid-column fusion-gallery-column fusion-gallery-column-4 hover-type-none\"><div class=\"fusion-gallery-image\"><a href=\"https:\/\/www.share-project.hr\/wp-content\/uploads\/2025\/11\/7.jpg\" rel=\"noreferrer\" data-rel=\"iLightbox[gallery_image_1]\" class=\"fusion-lightbox\" target=\"_self\"><img decoding=\"async\" src=\"https:\/\/www.share-project.hr\/wp-content\/uploads\/2025\/11\/7.jpg\" width=\"900\" height=\"1600\" alt=\"\" title=\"7\" aria-label=\"7\" class=\"img-responsive wp-image-5920\" srcset=\"https:\/\/www.share-project.hr\/wp-content\/uploads\/2025\/11\/7-200x356.jpg 200w, https:\/\/www.share-project.hr\/wp-content\/uploads\/2025\/11\/7-400x711.jpg 400w, https:\/\/www.share-project.hr\/wp-content\/uploads\/2025\/11\/7-600x1067.jpg 600w, https:\/\/www.share-project.hr\/wp-content\/uploads\/2025\/11\/7-800x1422.jpg 800w, https:\/\/www.share-project.hr\/wp-content\/uploads\/2025\/11\/7.jpg 900w\" sizes=\"(min-width: 2200px) 100vw, (min-width: 916px) 316px, (min-width: 824px) 422px, (min-width: 732px) 633px, (min-width: 640px) 732px, \" \/><\/a><\/div><\/div><\/div><\/div><div class=\"fusion-clearfix\"><\/div><\/div><\/div><\/div><\/div>\n","protected":false},"excerpt":{"rendered":"<p>Assoc. Prof. \u0160ime Smoli\u0107, PhD, Country Team Leader of the SHARE study in Croatia, and Prof. Ivan \u010cipin, PhD, SHARE study Associate, will participate on 28 November 2025 in the symposium \u201cTogether for Healthy and Active Ageing.\u201d The symposium is organized within the EATRIS-CONNECT project, led by Prof. Fran Borove\u010dki, PhD, from the University of Zagreb School of Medicine. One of the aims of this project is to promote collaboration among different research infrastructures, which is why the symposium is being organized in cooperation with the SHARE infrastructure, focused on studying the effects of health, social, economic, and environmental policies on the life course of citizens in Europe and beyond.<\/p>\n","protected":false},"author":7,"featured_media":5881,"template":"","meta":{"_tribe_events_status":"","_tribe_events_status_reason":"","footnotes":""},"tags":[],"tribe_events_cat":[42],"class_list":["post-5909","tribe_events","type-tribe_events","status-publish","has-post-thumbnail","hentry","tribe_events_cat-meetings-en","cat_meetings-en"],"yoast_head":"<!-- This site is optimized with the Yoast SEO plugin v27.3 - https:\/\/yoast.com\/product\/yoast-seo-wordpress\/ -->\n<title>Symposium \u201cTogether for Healthy and Active Ageing\u201d &#8211; SHARE Hrvatska<\/title>\n<meta name=\"robots\" content=\"index, follow, max-snippet:-1, max-image-preview:large, max-video-preview:-1\" \/>\n<link rel=\"canonical\" href=\"https:\/\/www.share-project.hr\/en\/dogadaj\/symposium-together-for-healthy-and-active-ageing\/\" \/>\n<meta property=\"og:locale\" content=\"en_US\" \/>\n<meta property=\"og:type\" content=\"article\" \/>\n<meta property=\"og:title\" content=\"Symposium \u201cTogether for Healthy and Active Ageing\u201d &#8211; SHARE Hrvatska\" \/>\n<meta property=\"og:description\" content=\"Assoc. Prof. \u0160ime Smoli\u0107, PhD, Country Team Leader of the SHARE study in Croatia, and Prof. Ivan \u010cipin, PhD, SHARE study Associate, will participate on 28 November 2025 in the symposium \u201cTogether for Healthy and Active Ageing.\u201d The symposium is organized within the EATRIS-CONNECT project, led by Prof. Fran Borove\u010dki, PhD, from the University of Zagreb School of Medicine. One of the aims of this project is to promote collaboration among different research infrastructures, which is why the symposium is being organized in cooperation with the SHARE infrastructure, focused on studying the effects of health, social, economic, and environmental policies on the life course of citizens in Europe and beyond.\" \/>\n<meta property=\"og:url\" content=\"https:\/\/www.share-project.hr\/en\/dogadaj\/symposium-together-for-healthy-and-active-ageing\/\" \/>\n<meta property=\"og:site_name\" content=\"SHARE Hrvatska\" \/>\n<meta property=\"article:publisher\" content=\"https:\/\/www.facebook.com\/ShareHrvatska\/\" \/>\n<meta property=\"article:modified_time\" content=\"2025-12-06T18:00:37+00:00\" \/>\n<meta property=\"og:image\" content=\"https:\/\/www.share-project.hr\/wp-content\/uploads\/2025\/11\/eatris_SHARE.jpg\" \/>\n\t<meta property=\"og:image:width\" content=\"1125\" \/>\n\t<meta property=\"og:image:height\" content=\"633\" \/>\n\t<meta property=\"og:image:type\" content=\"image\/jpeg\" \/>\n<meta name=\"twitter:card\" content=\"summary_large_image\" \/>\n<meta name=\"twitter:site\" content=\"@SHARE_MEA\" \/>\n<meta name=\"twitter:label1\" content=\"Est. reading time\" \/>\n\t<meta name=\"twitter:data1\" content=\"2 minutes\" \/>\n<script type=\"application\/ld+json\" class=\"yoast-schema-graph\">{\"@context\":\"https:\\\/\\\/schema.org\",\"@graph\":[{\"@type\":\"WebPage\",\"@id\":\"https:\\\/\\\/www.share-project.hr\\\/en\\\/dogadaj\\\/symposium-together-for-healthy-and-active-ageing\\\/\",\"url\":\"https:\\\/\\\/www.share-project.hr\\\/en\\\/dogadaj\\\/symposium-together-for-healthy-and-active-ageing\\\/\",\"name\":\"Symposium \u201cTogether for Healthy and Active Ageing\u201d &#8211; SHARE Hrvatska\",\"isPartOf\":{\"@id\":\"https:\\\/\\\/www.share-project.hr\\\/#website\"},\"primaryImageOfPage\":{\"@id\":\"https:\\\/\\\/www.share-project.hr\\\/en\\\/dogadaj\\\/symposium-together-for-healthy-and-active-ageing\\\/#primaryimage\"},\"image\":{\"@id\":\"https:\\\/\\\/www.share-project.hr\\\/en\\\/dogadaj\\\/symposium-together-for-healthy-and-active-ageing\\\/#primaryimage\"},\"thumbnailUrl\":\"https:\\\/\\\/www.share-project.hr\\\/wp-content\\\/uploads\\\/2025\\\/11\\\/eatris_SHARE.jpg\",\"datePublished\":\"2025-11-30T22:04:06+00:00\",\"dateModified\":\"2025-12-06T18:00:37+00:00\",\"breadcrumb\":{\"@id\":\"https:\\\/\\\/www.share-project.hr\\\/en\\\/dogadaj\\\/symposium-together-for-healthy-and-active-ageing\\\/#breadcrumb\"},\"inLanguage\":\"en-US\",\"potentialAction\":[{\"@type\":\"ReadAction\",\"target\":[\"https:\\\/\\\/www.share-project.hr\\\/en\\\/dogadaj\\\/symposium-together-for-healthy-and-active-ageing\\\/\"]}]},{\"@type\":\"ImageObject\",\"inLanguage\":\"en-US\",\"@id\":\"https:\\\/\\\/www.share-project.hr\\\/en\\\/dogadaj\\\/symposium-together-for-healthy-and-active-ageing\\\/#primaryimage\",\"url\":\"https:\\\/\\\/www.share-project.hr\\\/wp-content\\\/uploads\\\/2025\\\/11\\\/eatris_SHARE.jpg\",\"contentUrl\":\"https:\\\/\\\/www.share-project.hr\\\/wp-content\\\/uploads\\\/2025\\\/11\\\/eatris_SHARE.jpg\",\"width\":1125,\"height\":633},{\"@type\":\"BreadcrumbList\",\"@id\":\"https:\\\/\\\/www.share-project.hr\\\/en\\\/dogadaj\\\/symposium-together-for-healthy-and-active-ageing\\\/#breadcrumb\",\"itemListElement\":[{\"@type\":\"ListItem\",\"position\":1,\"name\":\"Po\u010detna stranica\",\"item\":\"https:\\\/\\\/www.share-project.hr\\\/\"},{\"@type\":\"ListItem\",\"position\":2,\"name\":\"Doga\u0111aji\",\"item\":\"https:\\\/\\\/www.share-project.hr\\\/dogadaji\\\/\"},{\"@type\":\"ListItem\",\"position\":3,\"name\":\"Symposium \u201cTogether for Healthy and Active Ageing\u201d\"}]},{\"@type\":\"WebSite\",\"@id\":\"https:\\\/\\\/www.share-project.hr\\\/#website\",\"url\":\"https:\\\/\\\/www.share-project.hr\\\/\",\"name\":\"SHARE Hrvatska\",\"description\":\"Istra\u017eivanje o zdravlju, starenju i umirovljenju u Europi\",\"publisher\":{\"@id\":\"https:\\\/\\\/www.share-project.hr\\\/#organization\"},\"potentialAction\":[{\"@type\":\"SearchAction\",\"target\":{\"@type\":\"EntryPoint\",\"urlTemplate\":\"https:\\\/\\\/www.share-project.hr\\\/?s={search_term_string}\"},\"query-input\":{\"@type\":\"PropertyValueSpecification\",\"valueRequired\":true,\"valueName\":\"search_term_string\"}}],\"inLanguage\":\"en-US\"},{\"@type\":\"Organization\",\"@id\":\"https:\\\/\\\/www.share-project.hr\\\/#organization\",\"name\":\"SHARE Hrvatska\",\"url\":\"https:\\\/\\\/www.share-project.hr\\\/\",\"logo\":{\"@type\":\"ImageObject\",\"inLanguage\":\"en-US\",\"@id\":\"https:\\\/\\\/www.share-project.hr\\\/#\\\/schema\\\/logo\\\/image\\\/\",\"url\":\"https:\\\/\\\/www.share-project.hr\\\/wp-content\\\/uploads\\\/2019\\\/08\\\/SHARE_L_BS_HRV-e1566215919335.png\",\"contentUrl\":\"https:\\\/\\\/www.share-project.hr\\\/wp-content\\\/uploads\\\/2019\\\/08\\\/SHARE_L_BS_HRV-e1566215919335.png\",\"width\":200,\"height\":75,\"caption\":\"SHARE Hrvatska\"},\"image\":{\"@id\":\"https:\\\/\\\/www.share-project.hr\\\/#\\\/schema\\\/logo\\\/image\\\/\"},\"sameAs\":[\"https:\\\/\\\/www.facebook.com\\\/ShareHrvatska\\\/\",\"https:\\\/\\\/x.com\\\/SHARE_MEA\",\"https:\\\/\\\/www.youtube.com\\\/channel\\\/UCPse4OcoO70RQ7CIQqlXErA\"]}]}<\/script>\n<!-- \/ Yoast SEO plugin. -->","yoast_head_json":{"title":"Symposium \u201cTogether for Healthy and Active Ageing\u201d &#8211; SHARE Hrvatska","robots":{"index":"index","follow":"follow","max-snippet":"max-snippet:-1","max-image-preview":"max-image-preview:large","max-video-preview":"max-video-preview:-1"},"canonical":"https:\/\/www.share-project.hr\/en\/dogadaj\/symposium-together-for-healthy-and-active-ageing\/","og_locale":"en_US","og_type":"article","og_title":"Symposium \u201cTogether for Healthy and Active Ageing\u201d &#8211; SHARE Hrvatska","og_description":"Assoc. Prof. \u0160ime Smoli\u0107, PhD, Country Team Leader of the SHARE study in Croatia, and Prof. Ivan \u010cipin, PhD, SHARE study Associate, will participate on 28 November 2025 in the symposium \u201cTogether for Healthy and Active Ageing.\u201d The symposium is organized within the EATRIS-CONNECT project, led by Prof. Fran Borove\u010dki, PhD, from the University of Zagreb School of Medicine. One of the aims of this project is to promote collaboration among different research infrastructures, which is why the symposium is being organized in cooperation with the SHARE infrastructure, focused on studying the effects of health, social, economic, and environmental policies on the life course of citizens in Europe and beyond.","og_url":"https:\/\/www.share-project.hr\/en\/dogadaj\/symposium-together-for-healthy-and-active-ageing\/","og_site_name":"SHARE Hrvatska","article_publisher":"https:\/\/www.facebook.com\/ShareHrvatska\/","article_modified_time":"2025-12-06T18:00:37+00:00","og_image":[{"width":1125,"height":633,"url":"https:\/\/www.share-project.hr\/wp-content\/uploads\/2025\/11\/eatris_SHARE.jpg","type":"image\/jpeg"}],"twitter_card":"summary_large_image","twitter_site":"@SHARE_MEA","twitter_misc":{"Est. reading time":"2 minutes"},"schema":{"@context":"https:\/\/schema.org","@graph":[{"@type":"WebPage","@id":"https:\/\/www.share-project.hr\/en\/dogadaj\/symposium-together-for-healthy-and-active-ageing\/","url":"https:\/\/www.share-project.hr\/en\/dogadaj\/symposium-together-for-healthy-and-active-ageing\/","name":"Symposium \u201cTogether for Healthy and Active Ageing\u201d &#8211; SHARE Hrvatska","isPartOf":{"@id":"https:\/\/www.share-project.hr\/#website"},"primaryImageOfPage":{"@id":"https:\/\/www.share-project.hr\/en\/dogadaj\/symposium-together-for-healthy-and-active-ageing\/#primaryimage"},"image":{"@id":"https:\/\/www.share-project.hr\/en\/dogadaj\/symposium-together-for-healthy-and-active-ageing\/#primaryimage"},"thumbnailUrl":"https:\/\/www.share-project.hr\/wp-content\/uploads\/2025\/11\/eatris_SHARE.jpg","datePublished":"2025-11-30T22:04:06+00:00","dateModified":"2025-12-06T18:00:37+00:00","breadcrumb":{"@id":"https:\/\/www.share-project.hr\/en\/dogadaj\/symposium-together-for-healthy-and-active-ageing\/#breadcrumb"},"inLanguage":"en-US","potentialAction":[{"@type":"ReadAction","target":["https:\/\/www.share-project.hr\/en\/dogadaj\/symposium-together-for-healthy-and-active-ageing\/"]}]},{"@type":"ImageObject","inLanguage":"en-US","@id":"https:\/\/www.share-project.hr\/en\/dogadaj\/symposium-together-for-healthy-and-active-ageing\/#primaryimage","url":"https:\/\/www.share-project.hr\/wp-content\/uploads\/2025\/11\/eatris_SHARE.jpg","contentUrl":"https:\/\/www.share-project.hr\/wp-content\/uploads\/2025\/11\/eatris_SHARE.jpg","width":1125,"height":633},{"@type":"BreadcrumbList","@id":"https:\/\/www.share-project.hr\/en\/dogadaj\/symposium-together-for-healthy-and-active-ageing\/#breadcrumb","itemListElement":[{"@type":"ListItem","position":1,"name":"Po\u010detna stranica","item":"https:\/\/www.share-project.hr\/"},{"@type":"ListItem","position":2,"name":"Doga\u0111aji","item":"https:\/\/www.share-project.hr\/dogadaji\/"},{"@type":"ListItem","position":3,"name":"Symposium \u201cTogether for Healthy and Active Ageing\u201d"}]},{"@type":"WebSite","@id":"https:\/\/www.share-project.hr\/#website","url":"https:\/\/www.share-project.hr\/","name":"SHARE Hrvatska","description":"Istra\u017eivanje o zdravlju, starenju i umirovljenju u Europi","publisher":{"@id":"https:\/\/www.share-project.hr\/#organization"},"potentialAction":[{"@type":"SearchAction","target":{"@type":"EntryPoint","urlTemplate":"https:\/\/www.share-project.hr\/?s={search_term_string}"},"query-input":{"@type":"PropertyValueSpecification","valueRequired":true,"valueName":"search_term_string"}}],"inLanguage":"en-US"},{"@type":"Organization","@id":"https:\/\/www.share-project.hr\/#organization","name":"SHARE Hrvatska","url":"https:\/\/www.share-project.hr\/","logo":{"@type":"ImageObject","inLanguage":"en-US","@id":"https:\/\/www.share-project.hr\/#\/schema\/logo\/image\/","url":"https:\/\/www.share-project.hr\/wp-content\/uploads\/2019\/08\/SHARE_L_BS_HRV-e1566215919335.png","contentUrl":"https:\/\/www.share-project.hr\/wp-content\/uploads\/2019\/08\/SHARE_L_BS_HRV-e1566215919335.png","width":200,"height":75,"caption":"SHARE Hrvatska"},"image":{"@id":"https:\/\/www.share-project.hr\/#\/schema\/logo\/image\/"},"sameAs":["https:\/\/www.facebook.com\/ShareHrvatska\/","https:\/\/x.com\/SHARE_MEA","https:\/\/www.youtube.com\/channel\/UCPse4OcoO70RQ7CIQqlXErA"]}]}},"_links":{"self":[{"href":"https:\/\/www.share-project.hr\/en\/wp-json\/wp\/v2\/tribe_events\/5909","targetHints":{"allow":["GET"]}}],"collection":[{"href":"https:\/\/www.share-project.hr\/en\/wp-json\/wp\/v2\/tribe_events"}],"about":[{"href":"https:\/\/www.share-project.hr\/en\/wp-json\/wp\/v2\/types\/tribe_events"}],"author":[{"embeddable":true,"href":"https:\/\/www.share-project.hr\/en\/wp-json\/wp\/v2\/users\/7"}],"version-history":[{"count":10,"href":"https:\/\/www.share-project.hr\/en\/wp-json\/wp\/v2\/tribe_events\/5909\/revisions"}],"predecessor-version":[{"id":5930,"href":"https:\/\/www.share-project.hr\/en\/wp-json\/wp\/v2\/tribe_events\/5909\/revisions\/5930"}],"wp:featuredmedia":[{"embeddable":true,"href":"https:\/\/www.share-project.hr\/en\/wp-json\/wp\/v2\/media\/5881"}],"wp:attachment":[{"href":"https:\/\/www.share-project.hr\/en\/wp-json\/wp\/v2\/media?parent=5909"}],"wp:term":[{"taxonomy":"post_tag","embeddable":true,"href":"https:\/\/www.share-project.hr\/en\/wp-json\/wp\/v2\/tags?post=5909"},{"taxonomy":"tribe_events_cat","embeddable":true,"href":"https:\/\/www.share-project.hr\/en\/wp-json\/wp\/v2\/tribe_events_cat?post=5909"}],"curies":[{"name":"wp","href":"https:\/\/api.w.org\/{rel}","templated":true}]}}